{"id":3354,"date":"2026-08-19T13:22:36","date_gmt":"2026-08-19T10:22:36","guid":{"rendered":"https:\/\/eunic-romania.ro\/events\/accessibility-academy\/"},"modified":"2026-08-20T12:53:46","modified_gmt":"2026-08-20T09:53:46","slug":"accessibility-academy","status":"publish","type":"events","link":"https:\/\/eunic-romania.ro\/ro\/events\/accessibility-academy\/","title":{"rendered":"Accessibility Academy"},"content":{"rendered":"<h2 id=\"about\"><span style=\"color: #36756b;\">Despre<\/span><\/h2>\n<p><b>Academia de Accesibilitate<\/b> \u00ee\u0219i propune s\u0103 reuneasc\u0103 profesioni\u0219ti din domeniul cultural, practicieni din sectoarele creative, consultan\u021bi \u00een accesibilitate, cercet\u0103tori, activi\u0219ti \u0219i membri ai comunit\u0103\u021bii persoanelor cu dizabilit\u0103\u021bi, pentru a face schimb de idei, a \u00eenv\u0103\u021ba unii de la al\u021bii \u0219i a construi leg\u0103turi reale, nu pentru a urma un set rigid de reguli. Academia va explora \u00eentreb\u0103ri precum:<\/p>\n<ul>\n<li aria-level=\"2\">Cum arat\u0103 accesibilitatea \u00een contexte culturale diferite?<\/li>\n<li aria-level=\"2\">Cum pot fi consolidate parcursurile de formare \u0219i dezvoltare profesional\u0103 pentru arti\u0219tii cu dizabilit\u0103\u021bi?<\/li>\n<li aria-level=\"2\">Ce poate \u00eenv\u0103\u021ba Rom\u00e2nia din modelele europene \u0219i cu ce poate contribui, la r\u00e2ndul s\u0103u?<\/li>\n<li aria-level=\"2\">Cum putem trece de la respectarea formal\u0103 a politicilor la practici reale \u0219i creative?<\/li>\n<li aria-level=\"2\">Cum putem crea spa\u021bii culturale \u00een care fiecare persoan\u0103 s\u0103 simt\u0103 c\u0103 apar\u021bine \u0219i s\u0103 poat\u0103 tr\u0103i experien\u021be bazate pe curiozitate \u0219i bucurie?<\/li>\n<\/ul>\n<h2 id=\"programme-overview\"><span style=\"color: #36756b;\">Program<\/span><\/h2>\n<p><b>Institutul Cervantes, Sala Auditorium | Cinema \u201eElvire Popesco\u201d, Bucure\u0219ti<\/b><br \/>\n<b>3\u20134 septembrie | 9:00\u201318:30<\/b><\/p>\n<p>V\u0103 rug\u0103m s\u0103 v\u0103 \u00eenregistra\u021bi interesul complet\u00e2nd acest formular p\u00e2n\u0103 <strong>duminic\u0103, 30 august<\/strong>.<\/p>\n\t\t<div data-elementor-type=\"container\" data-elementor-id=\"2973\" class=\"elementor elementor-2973 elementor-2711\" data-elementor-post-type=\"elementor_library\">\n\t\t\t\t<div class=\"elementor-element elementor-element-5d1eebc e-con-full e-flex e-con e-parent\" data-id=\"5d1eebc\" data-element_type=\"container\" data-e-type=\"container\">\n\t\t\t\t<div class=\"elementor-element elementor-element-dd19dc1 elementor-widget elementor-widget-button\" data-id=\"dd19dc1\" data-element_type=\"widget\" data-e-type=\"widget\" data-widget_type=\"button.default\">\n\t\t\t\t\t\t\t\t\t\t<a class=\"elementor-button elementor-button-link elementor-size-sm\" href=\"https:\/\/forms.gle\/x2H5DKRd9Fv8Vvde7\" target=\"_blank\" rel=\"noopener\">\n\t\t\t\t\t\t<span class=\"elementor-button-content-wrapper\">\n\t\t\t\t\t\t<span class=\"elementor-button-icon\">\n\t\t\t\t<svg aria-hidden=\"true\" class=\"e-font-icon-svg e-fas-arrow-circle-right\" viewBox=\"0 0 512 512\" xmlns=\"http:\/\/www.w3.org\/2000\/svg\"><path d=\"M256 8c137 0 248 111 248 248S393 504 256 504 8 393 8 256 119 8 256 8zm-28.9 143.6l75.5 72.4H120c-13.3 0-24 10.7-24 24v16c0 13.3 10.7 24 24 24h182.6l-75.5 72.4c-9.7 9.3-9.9 24.8-.4 34.3l11 10.9c9.4 9.4 24.6 9.4 33.9 0L404.3 273c9.4-9.4 9.4-24.6 0-33.9L271.6 106.3c-9.4-9.4-24.6-9.4-33.9 0l-11 10.9c-9.5 9.6-9.3 25.1.4 34.4z\"><\/path><\/svg>\t\t\t<\/span>\n\t\t\t\t\t\t\t\t\t<span class=\"elementor-button-text\">\u00cenregistreaz\u0103-te aici<\/span>\n\t\t\t\t\t<\/span>\n\t\t\t\t\t<\/a>\n\t\t\t\t\t\t\t\t<\/div>\n\t\t\t\t<\/div>\n\t\t\t\t<\/div>\n\t\t\n\n\t\t<div class=\"wppdfemb-frame-container-1\" style=\"-webkit-overflow-scrolling:auto;\">\n\t\t\t<iframe class=\"pdfembed-iframe nonfullscreen wppdf-emb-iframe-1\"\n\t\t\t\tsrc=\"https:\/\/eunic-romania.ro\/ro\/?pdfemb-data=eyJ1cmwiOiJodHRwczpcL1wvZXVuaWMtcm9tYW5pYS5yb1wvd3AtY29udGVudFwvdXBsb2Fkc1wvMjAyNlwvMDhcL1JPLUFjYWRlbXktU2NoZWR1bGVfVXBkYXRlZF8xOS1BdWcucGRmIiwidGl0bGUiOiJQcm9ncmFtdWwgQWNhZGVtaWVpIiwiaW5kZXgiOjEsInBkZklEIjozMzQzfQ\"\n\t\t\t\tdata-pdf-id=\"3343\"\n\t\t\t\tdata-pdf-index=\"1\"\n\t\t\t\tstyle=\"border:none;width:100%;max-width:100%;height:100vh;\"\n\t\t\t\tscrolling=\"yes\">\n\t\t\t<\/iframe>\n\t\t<\/div>\n\n\t\t\n<p><b>Academia de Accesibilitate<\/b> este un <b>eveniment de dou\u0103 zile<\/b>, deschis profesioni\u0219tilor din domeniul cultural, practicienilor din sectoarele creative, consultan\u021bilor \u00een accesibilitate, cercet\u0103torilor, activi\u0219tilor, arti\u0219tilor cu dizabilit\u0103\u021bi, reprezentan\u021bilor comunit\u0103\u021bii persoanelor cu dizabilit\u0103\u021bi \u0219i angaja\u021bilor institutelor culturale.<\/p>\n<p>Invita\u021bii \u0219i facilitatorii europeni propu\u0219i de clusterul EUNIC Rom\u00e2nia, al\u0103turi de colegii lor din Rom\u00e2nia, vor \u00eemp\u0103rt\u0103\u0219i perspective \u0219i experien\u021be din propriile contexte na\u021bionale \u0219i regionale. La fel ca \u00een cazul oric\u0103rui subiect legat de accesibilitate, sesiunile nu vor propune solu\u021bii universale. Programul va cuprinde o combina\u021bie de <b>prezent\u0103ri<\/b>, <b>ateliere<\/b>, <b>proiec\u021bii de film<\/b> \u0219i <b>conversa\u021bii deschise<\/b>, abord\u00e2nd teme precum:<\/p>\n<ul>\n<li aria-level=\"1\">organizarea unor evenimente culturale incluzive;<\/li>\n<li aria-level=\"1\">practici teatrale pentru persoanele surde;<\/li>\n<li aria-level=\"1\">accesibilitatea mediului construit;<\/li>\n<li aria-level=\"1\">parcursul unui artist cu dizabilit\u0103\u021bi \u00een sectorul cultural;<\/li>\n<li aria-level=\"1\">accesibilizarea teatrului \u00eempreun\u0103 cu \u0219i pentru persoanele neurodivergente \u0219i persoanele cu dizabilit\u0103\u021bi intelectuale.<\/li>\n<\/ul>\n<p>Participan\u021bii sunt invita\u021bi s\u0103 se implice ca parteneri egali, s\u0103 compare abord\u0103ri, s\u0103 fac\u0103 schimb de experien\u021b\u0103 \u0219i s\u0103 construiasc\u0103 leg\u0103turi profesionale relevante. Scopul nu este doar participarea la \u00eenc\u0103 un program de formare, ci compararea diferitelor abord\u0103ri, schimbul de bune practici \u2013 precum \u0219i al aspectelor care nu func\u021bioneaz\u0103 \u2013 \u0219i \u00eencheierea evenimentului cu idei \u0219i sinergii noi.<\/p>\n<h2 id=\"confirmed-speakers\"><span style=\"color: #36756b;\">Invita\u021bi:<\/span><\/h2>\n\t\t<div data-elementor-type=\"container\" data-elementor-id=\"3689\" class=\"elementor elementor-3689 elementor-3203\" data-elementor-post-type=\"elementor_library\">\n\t\t\t\t<div class=\"elementor-element elementor-element-e80214e e-con-full e-flex e-con e-parent\" data-id=\"e80214e\" data-element_type=\"container\" data-e-type=\"container\">\n\t\t\t\t<div class=\"elementor-element elementor-element-d96201e elementor-grid-3 elementor-grid-tablet-2 elementor-grid-mobile-1 elementor-widget elementor-widget-loop-grid\" data-id=\"d96201e\" data-element_type=\"widget\" data-e-type=\"widget\" data-settings=\"{&quot;template_id&quot;:3208,&quot;columns&quot;:3,&quot;row_gap_mobile&quot;:{&quot;unit&quot;:&quot;px&quot;,&quot;size&quot;:0,&quot;sizes&quot;:[]},&quot;_skin&quot;:&quot;post&quot;,&quot;columns_tablet&quot;:&quot;2&quot;,&quot;columns_mobile&quot;:&quot;1&quot;,&quot;edit_handle_selector&quot;:&quot;[data-elementor-type=\\&quot;loop-item\\&quot;]&quot;,&quot;row_gap&quot;:{&quot;unit&quot;:&quot;px&quot;,&quot;size&quot;:&quot;&quot;,&quot;sizes&quot;:[]},&quot;row_gap_tablet&quot;:{&quot;unit&quot;:&quot;px&quot;,&quot;size&quot;:&quot;&quot;,&quot;sizes&quot;:[]}}\" data-widget_type=\"loop-grid.post\">\n\t\t\t\t<div class=\"elementor-widget-container\">\n\t\t\t\t\t\t\t<div class=\"elementor-loop-container elementor-grid\" role=\"list\">\n\t\t<style id=\"loop-3208\">.elementor-3208 .elementor-element.elementor-element-1d2c45c{--display:flex;--padding-top:0px;--padding-bottom:0px;--padding-left:0px;--padding-right:0px;}.elementor-3208 .elementor-element.elementor-element-42bfdd9 img{width:62%;height:0%;border-style:solid;border-color:var( --e-global-color-primary );border-radius:50% 50% 50% 50%;}.elementor-3208 .elementor-element.elementor-element-42bfdd9 .widget-image-caption{font-family:\"liberation-sans\", Sans-serif;font-weight:600;}.elementor-3208 .elementor-element.elementor-element-9724ce1{text-align:center;margin:-29px 0px calc(var(--kit-widget-spacing, 0px) + 0px) 0px;}@media(max-width:921px){.elementor-3208 .elementor-element.elementor-element-9724ce1{margin:-32px 0px calc(var(--kit-widget-spacing, 0px) + 0px) 0px;}}<\/style>\t\t<div data-elementor-type=\"loop-item\" data-elementor-id=\"3208\" class=\"elementor elementor-3208 e-loop-item e-loop-item-3388 post-3388 contributor type-contributor status-publish has-post-thumbnail hentry tag-accessibility-academy\" data-elementor-post-type=\"elementor_library\" data-custom-edit-handle=\"1\">\n\t\t\t<div class=\"elementor-element elementor-element-1d2c45c e-con-full e-flex e-con e-parent\" data-id=\"1d2c45c\" data-element_type=\"container\" data-e-type=\"container\">\n\t\t\t\t<div class=\"elementor-element elementor-element-42bfdd9 elementor-widget elementor-widget-theme-post-featured-image elementor-widget-image\" data-id=\"42bfdd9\" data-element_type=\"widget\" data-e-type=\"widget\" data-widget_type=\"theme-post-featured-image.default\">\n\t\t\t\t\t\t\t\t\t\t\t\t<figure class=\"wp-caption\">\n\t\t\t\t\t\t\t\t\t\t\t<a href=\"https:\/\/eunic-romania.ro\/ro\/contributor\/andreea-darie\/\">\n\t\t\t\t\t\t\t<img fetchpriority=\"high\" decoding=\"async\" width=\"768\" height=\"768\" src=\"data:image\/gif;base64,R0lGODlhAQABAAAAACH5BAEKAAEALAAAAAABAAEAAAICTAEAOw==\" class=\"attachment-medium_large size-medium_large wp-image-3352 lazyload\" alt=\"Portret al Andreei Darie, z\u00e2mbind, cu p\u0103rul \u0219aten \u00eenchis p\u00e2n\u0103 la umeri \u0219i un tricou negru, pe un fundal deschis, simplu.\" sizes=\"(max-width: 768px) 100vw, 768px\" data-src=\"https:\/\/eunic-romania.ro\/wp-content\/uploads\/2026\/08\/Andreea-Darie-768x768.jpg\" data-srcset=\"https:\/\/eunic-romania.ro\/wp-content\/uploads\/2026\/08\/Andreea-Darie-768x768.jpg 768w, https:\/\/eunic-romania.ro\/wp-content\/uploads\/2026\/08\/Andreea-Darie-300x300.jpg 300w, https:\/\/eunic-romania.ro\/wp-content\/uploads\/2026\/08\/Andreea-Darie-150x150.jpg 150w, https:\/\/eunic-romania.ro\/wp-content\/uploads\/2026\/08\/Andreea-Darie.jpg 842w\">\t\t\t\t\t\t\t\t<\/a>\n\t\t\t\t\t\t\t\t\t\t\t<figcaption class=\"widget-image-caption wp-caption-text\">Andreea Darie<\/figcaption>\n\t\t\t\t\t\t\t\t\t\t<\/figure>\n\t\t\t\t\t\t\t\t\t<\/div>\n\t\t\t\t<div class=\"elementor-element elementor-element-9724ce1 elementor-widget elementor-widget-text-editor\" data-id=\"9724ce1\" data-element_type=\"widget\" data-e-type=\"widget\" data-widget_type=\"text-editor.default\">\n\t\t\t\t\t\t\t\t\t<p>Interpret\u0103 LSR (limba semnelor rom\u00e2ne), Funda\u021bia CODA Farmecul T\u0103cerii<\/p>\t\t\t\t\t\t\t\t<\/div>\n\t\t\t\t<\/div>\n\t\t\t\t<\/div>\n\t\t\t\t<div data-elementor-type=\"loop-item\" data-elementor-id=\"3208\" class=\"elementor elementor-3208 e-loop-item e-loop-item-3373 post-3373 contributor type-contributor status-publish has-post-thumbnail hentry tag-accessibility-academy\" data-elementor-post-type=\"elementor_library\" data-custom-edit-handle=\"1\">\n\t\t\t<div class=\"elementor-element elementor-element-1d2c45c e-con-full e-flex e-con e-parent\" data-id=\"1d2c45c\" data-element_type=\"container\" data-e-type=\"container\">\n\t\t\t\t<div class=\"elementor-element elementor-element-42bfdd9 elementor-widget elementor-widget-theme-post-featured-image elementor-widget-image\" data-id=\"42bfdd9\" data-element_type=\"widget\" data-e-type=\"widget\" data-widget_type=\"theme-post-featured-image.default\">\n\t\t\t\t\t\t\t\t\t\t\t\t<figure class=\"wp-caption\">\n\t\t\t\t\t\t\t\t\t\t\t<a href=\"https:\/\/eunic-romania.ro\/ro\/contributor\/flavia-dalila-damico\/\">\n\t\t\t\t\t\t\t<img decoding=\"async\" width=\"670\" height=\"670\" src=\"data:image\/gif;base64,R0lGODlhAQABAAAAACH5BAEKAAEALAAAAAABAAEAAAICTAEAOw==\" class=\"attachment-medium_large size-medium_large wp-image-3349 lazyload\" alt=\"Portret al Dalilei D&amp;apos;Amico, z\u00e2mbind, cu p\u0103rul \u0219aten tuns bob scurt \u0219i o e\u0219arf\u0103 turcoaz peste o jachet\u0103 cu imprimeu floral, pe un fundal gri.\" sizes=\"(max-width: 670px) 100vw, 670px\" data-src=\"https:\/\/eunic-romania.ro\/wp-content\/uploads\/2026\/08\/Dalila-D_Amico.jpg\" data-srcset=\"https:\/\/eunic-romania.ro\/wp-content\/uploads\/2026\/08\/Dalila-D_Amico.jpg 670w, https:\/\/eunic-romania.ro\/wp-content\/uploads\/2026\/08\/Dalila-D_Amico-300x300.jpg 300w, https:\/\/eunic-romania.ro\/wp-content\/uploads\/2026\/08\/Dalila-D_Amico-150x150.jpg 150w\">\t\t\t\t\t\t\t\t<\/a>\n\t\t\t\t\t\t\t\t\t\t\t<figcaption class=\"widget-image-caption wp-caption-text\">Flavia Dalila D&#8217;Amico<\/figcaption>\n\t\t\t\t\t\t\t\t\t\t<\/figure>\n\t\t\t\t\t\t\t\t\t<\/div>\n\t\t\t\t<div class=\"elementor-element elementor-element-9724ce1 elementor-widget elementor-widget-text-editor\" data-id=\"9724ce1\" data-element_type=\"widget\" data-e-type=\"widget\" data-widget_type=\"text-editor.default\">\n\t\t\t\t\t\t\t\t\t<p>Cercet\u0103toare, activist\u0103 \u0219i curatoare (IT)<\/p>\t\t\t\t\t\t\t\t<\/div>\n\t\t\t\t<\/div>\n\t\t\t\t<\/div>\n\t\t\t\t<div data-elementor-type=\"loop-item\" data-elementor-id=\"3208\" class=\"elementor elementor-3208 e-loop-item e-loop-item-3371 post-3371 contributor type-contributor status-publish has-post-thumbnail hentry tag-accessibility-academy\" data-elementor-post-type=\"elementor_library\" data-custom-edit-handle=\"1\">\n\t\t\t<div class=\"elementor-element elementor-element-1d2c45c e-con-full e-flex e-con e-parent\" data-id=\"1d2c45c\" data-element_type=\"container\" data-e-type=\"container\">\n\t\t\t\t<div class=\"elementor-element elementor-element-42bfdd9 elementor-widget elementor-widget-theme-post-featured-image elementor-widget-image\" data-id=\"42bfdd9\" data-element_type=\"widget\" data-e-type=\"widget\" data-widget_type=\"theme-post-featured-image.default\">\n\t\t\t\t\t\t\t\t\t\t\t\t<figure class=\"wp-caption\">\n\t\t\t\t\t\t\t\t\t\t\t<a href=\"https:\/\/eunic-romania.ro\/ro\/contributor\/herbert-gantschacher\/\">\n\t\t\t\t\t\t\t<img decoding=\"async\" width=\"768\" height=\"768\" src=\"data:image\/gif;base64,R0lGODlhAQABAAAAACH5BAEKAAEALAAAAAABAAEAAAICTAEAOw==\" class=\"attachment-medium_large size-medium_large wp-image-3340 lazyload\" alt=\"Portret al lui Herbert Gantschacher pe o strad\u0103 \u00eensorit\u0103, purt\u00e2nd o jachet\u0103 \u00eenchis\u0103 la culoare cu insigne antinucleare \u0219i pacifiste.\" sizes=\"(max-width: 768px) 100vw, 768px\" data-src=\"https:\/\/eunic-romania.ro\/wp-content\/uploads\/2026\/08\/Herbert-Gantschacher-768x768.jpg\" data-srcset=\"https:\/\/eunic-romania.ro\/wp-content\/uploads\/2026\/08\/Herbert-Gantschacher-768x768.jpg 768w, https:\/\/eunic-romania.ro\/wp-content\/uploads\/2026\/08\/Herbert-Gantschacher-300x300.jpg 300w, https:\/\/eunic-romania.ro\/wp-content\/uploads\/2026\/08\/Herbert-Gantschacher-1024x1024.jpg 1024w, https:\/\/eunic-romania.ro\/wp-content\/uploads\/2026\/08\/Herbert-Gantschacher-150x150.jpg 150w, https:\/\/eunic-romania.ro\/wp-content\/uploads\/2026\/08\/Herbert-Gantschacher.jpg 1200w\">\t\t\t\t\t\t\t\t<\/a>\n\t\t\t\t\t\t\t\t\t\t\t<figcaption class=\"widget-image-caption wp-caption-text\">Herbert Gantschacher<\/figcaption>\n\t\t\t\t\t\t\t\t\t\t<\/figure>\n\t\t\t\t\t\t\t\t\t<\/div>\n\t\t\t\t<div class=\"elementor-element elementor-element-9724ce1 elementor-widget elementor-widget-text-editor\" data-id=\"9724ce1\" data-element_type=\"widget\" data-e-type=\"widget\" data-widget_type=\"text-editor.default\">\n\t\t\t\t\t\t\t\t\t<p>CEO \u0219i Director Artistic al ARBOS (AT)<\/p>\t\t\t\t\t\t\t\t<\/div>\n\t\t\t\t<\/div>\n\t\t\t\t<\/div>\n\t\t\t\t<div data-elementor-type=\"loop-item\" data-elementor-id=\"3208\" class=\"elementor elementor-3208 e-loop-item e-loop-item-3385 post-3385 contributor type-contributor status-publish has-post-thumbnail hentry tag-accessibility-academy\" data-elementor-post-type=\"elementor_library\" data-custom-edit-handle=\"1\">\n\t\t\t<div class=\"elementor-element elementor-element-1d2c45c e-con-full e-flex e-con e-parent\" data-id=\"1d2c45c\" data-element_type=\"container\" data-e-type=\"container\">\n\t\t\t\t<div class=\"elementor-element elementor-element-42bfdd9 elementor-widget elementor-widget-theme-post-featured-image elementor-widget-image\" data-id=\"42bfdd9\" data-element_type=\"widget\" data-e-type=\"widget\" data-widget_type=\"theme-post-featured-image.default\">\n\t\t\t\t\t\t\t\t\t\t\t\t<figure class=\"wp-caption\">\n\t\t\t\t\t\t\t\t\t\t\t<a href=\"https:\/\/eunic-romania.ro\/ro\/contributor\/iris-popescu\/\">\n\t\t\t\t\t\t\t<img loading=\"lazy\" decoding=\"async\" width=\"768\" height=\"767\" src=\"data:image\/gif;base64,R0lGODlhAQABAAAAACH5BAEKAAEALAAAAAABAAEAAAICTAEAOw==\" class=\"attachment-medium_large size-medium_large wp-image-3350 lazyload\" alt=\"Portret al Irisei Popescu, cu p\u0103rul \u0219aten \u00eenchis tuns bob \u0219i ochelari rotunzi, purt\u00e2nd un sacou crem peste un top negru, \u00een fa\u021ba unor coloane de piatr\u0103 deschis\u0103 la culoare.\" sizes=\"(max-width: 768px) 100vw, 768px\" data-src=\"https:\/\/eunic-romania.ro\/wp-content\/uploads\/2026\/08\/Iris-Popescu-768x767.jpg\" data-srcset=\"https:\/\/eunic-romania.ro\/wp-content\/uploads\/2026\/08\/Iris-Popescu-768x767.jpg 768w, https:\/\/eunic-romania.ro\/wp-content\/uploads\/2026\/08\/Iris-Popescu-300x300.jpg 300w, https:\/\/eunic-romania.ro\/wp-content\/uploads\/2026\/08\/Iris-Popescu-1024x1022.jpg 1024w, https:\/\/eunic-romania.ro\/wp-content\/uploads\/2026\/08\/Iris-Popescu-150x150.jpg 150w, https:\/\/eunic-romania.ro\/wp-content\/uploads\/2026\/08\/Iris-Popescu.jpg 1026w\">\t\t\t\t\t\t\t\t<\/a>\n\t\t\t\t\t\t\t\t\t\t\t<figcaption class=\"widget-image-caption wp-caption-text\">Iris Popescu<\/figcaption>\n\t\t\t\t\t\t\t\t\t\t<\/figure>\n\t\t\t\t\t\t\t\t\t<\/div>\n\t\t\t\t<div class=\"elementor-element elementor-element-9724ce1 elementor-widget elementor-widget-text-editor\" data-id=\"9724ce1\" data-element_type=\"widget\" data-e-type=\"widget\" data-widget_type=\"text-editor.default\">\n\t\t\t\t\t\t\t\t\t<p>Fondatoare \u0219i Pre\u0219edinte, AMAIS \/ Doctor \u00een arhitectur\u0103, specializat \u00een design incluziv \u0219i accesibilitatea mediului construit<\/p>\t\t\t\t\t\t\t\t<\/div>\n\t\t\t\t<\/div>\n\t\t\t\t<\/div>\n\t\t\t\t<div data-elementor-type=\"loop-item\" data-elementor-id=\"3208\" class=\"elementor elementor-3208 e-loop-item e-loop-item-3368 post-3368 contributor type-contributor status-publish has-post-thumbnail hentry tag-accessibility-academy\" data-elementor-post-type=\"elementor_library\" data-custom-edit-handle=\"1\">\n\t\t\t<div class=\"elementor-element elementor-element-1d2c45c e-con-full e-flex e-con e-parent\" data-id=\"1d2c45c\" data-element_type=\"container\" data-e-type=\"container\">\n\t\t\t\t<div class=\"elementor-element elementor-element-42bfdd9 elementor-widget elementor-widget-theme-post-featured-image elementor-widget-image\" data-id=\"42bfdd9\" data-element_type=\"widget\" data-e-type=\"widget\" data-widget_type=\"theme-post-featured-image.default\">\n\t\t\t\t\t\t\t\t\t\t\t\t<figure class=\"wp-caption\">\n\t\t\t\t\t\t\t\t\t\t\t<a href=\"https:\/\/eunic-romania.ro\/ro\/contributor\/jitka-vrbkova\/\">\n\t\t\t\t\t\t\t<img loading=\"lazy\" decoding=\"async\" width=\"768\" height=\"768\" src=\"data:image\/gif;base64,R0lGODlhAQABAAAAACH5BAEKAAEALAAAAAABAAEAAAICTAEAOw==\" class=\"attachment-medium_large size-medium_large wp-image-3351 lazyload\" alt=\"Portret al Jitk\u0103i Vrbkov\u00e1, z\u00e2mbind, cu p\u0103rul lung \u0219i blond, purt\u00e2nd un top negru, un l\u0103n\u021bi\u0219or fin \u0219i cercei lungi, fotografiat\u0103 \u00een aer liber \u00eentr-un parc verde.\" sizes=\"(max-width: 768px) 100vw, 768px\" data-src=\"https:\/\/eunic-romania.ro\/wp-content\/uploads\/2026\/08\/Jitka-Vrbkova-CZ-768x768.jpg\" data-srcset=\"https:\/\/eunic-romania.ro\/wp-content\/uploads\/2026\/08\/Jitka-Vrbkova-CZ-768x768.jpg 768w, https:\/\/eunic-romania.ro\/wp-content\/uploads\/2026\/08\/Jitka-Vrbkova-CZ-300x300.jpg 300w, https:\/\/eunic-romania.ro\/wp-content\/uploads\/2026\/08\/Jitka-Vrbkova-CZ-1024x1024.jpg 1024w, https:\/\/eunic-romania.ro\/wp-content\/uploads\/2026\/08\/Jitka-Vrbkova-CZ-150x150.jpg 150w, https:\/\/eunic-romania.ro\/wp-content\/uploads\/2026\/08\/Jitka-Vrbkova-CZ.jpg 1361w\">\t\t\t\t\t\t\t\t<\/a>\n\t\t\t\t\t\t\t\t\t\t\t<figcaption class=\"widget-image-caption wp-caption-text\">Jitka Vrbkov\u00e1<\/figcaption>\n\t\t\t\t\t\t\t\t\t\t<\/figure>\n\t\t\t\t\t\t\t\t\t<\/div>\n\t\t\t\t<div class=\"elementor-element elementor-element-9724ce1 elementor-widget elementor-widget-text-editor\" data-id=\"9724ce1\" data-element_type=\"widget\" data-e-type=\"widget\" data-widget_type=\"text-editor.default\">\n\t\t\t\t\t\t\t\t\t<p>Regizoare \u0219i dramaturg\u0103 de teatru (CZ)<\/p>\t\t\t\t\t\t\t\t<\/div>\n\t\t\t\t<\/div>\n\t\t\t\t<\/div>\n\t\t\t\t<div data-elementor-type=\"loop-item\" data-elementor-id=\"3208\" class=\"elementor elementor-3208 e-loop-item e-loop-item-3365 post-3365 contributor type-contributor status-publish has-post-thumbnail hentry tag-accessibility-academy\" data-elementor-post-type=\"elementor_library\" data-custom-edit-handle=\"1\">\n\t\t\t<div class=\"elementor-element elementor-element-1d2c45c e-con-full e-flex e-con e-parent\" data-id=\"1d2c45c\" data-element_type=\"container\" data-e-type=\"container\">\n\t\t\t\t<div class=\"elementor-element elementor-element-42bfdd9 elementor-widget elementor-widget-theme-post-featured-image elementor-widget-image\" data-id=\"42bfdd9\" data-element_type=\"widget\" data-e-type=\"widget\" data-widget_type=\"theme-post-featured-image.default\">\n\t\t\t\t\t\t\t\t\t\t\t\t<figure class=\"wp-caption\">\n\t\t\t\t\t\t\t\t\t\t\t<a href=\"https:\/\/eunic-romania.ro\/ro\/contributor\/jonathan-meth\/\">\n\t\t\t\t\t\t\t<img loading=\"lazy\" decoding=\"async\" width=\"768\" height=\"768\" src=\"data:image\/gif;base64,R0lGODlhAQABAAAAACH5BAEKAAEALAAAAAABAAEAAAICTAEAOw==\" class=\"attachment-medium_large size-medium_large wp-image-3339 lazyload\" alt=\"B\u0103rbat cu p\u0103rul alb \u0219i ochelari cu ram\u0103 neagr\u0103, \u00eentr-un sacou \u00eenchis la culoare, \u00een fa\u021ba unei cl\u0103diri istorice.\" sizes=\"(max-width: 768px) 100vw, 768px\" data-src=\"https:\/\/eunic-romania.ro\/wp-content\/uploads\/2026\/08\/Jonathan-Meth-768x768.webp\" data-srcset=\"https:\/\/eunic-romania.ro\/wp-content\/uploads\/2026\/08\/Jonathan-Meth-768x768.webp 768w, https:\/\/eunic-romania.ro\/wp-content\/uploads\/2026\/08\/Jonathan-Meth-300x300.webp 300w, https:\/\/eunic-romania.ro\/wp-content\/uploads\/2026\/08\/Jonathan-Meth-150x150.webp 150w, https:\/\/eunic-romania.ro\/wp-content\/uploads\/2026\/08\/Jonathan-Meth.webp 974w\">\t\t\t\t\t\t\t\t<\/a>\n\t\t\t\t\t\t\t\t\t\t\t<figcaption class=\"widget-image-caption wp-caption-text\">Jonathan Meth<\/figcaption>\n\t\t\t\t\t\t\t\t\t\t<\/figure>\n\t\t\t\t\t\t\t\t\t<\/div>\n\t\t\t\t<div class=\"elementor-element elementor-element-9724ce1 elementor-widget elementor-widget-text-editor\" data-id=\"9724ce1\" data-element_type=\"widget\" data-e-type=\"widget\" data-widget_type=\"text-editor.default\">\n\t\t\t\t\t\t\t\t\t<p>Director, Curator, Dramaturg, Consultant (UK)<\/p>\t\t\t\t\t\t\t\t<\/div>\n\t\t\t\t<\/div>\n\t\t\t\t<\/div>\n\t\t\t\t<div data-elementor-type=\"loop-item\" data-elementor-id=\"3208\" class=\"elementor elementor-3208 e-loop-item e-loop-item-3382 post-3382 contributor type-contributor status-publish has-post-thumbnail hentry tag-accessibility-academy\" data-elementor-post-type=\"elementor_library\" data-custom-edit-handle=\"1\">\n\t\t\t<div class=\"elementor-element elementor-element-1d2c45c e-con-full e-flex e-con e-parent\" data-id=\"1d2c45c\" data-element_type=\"container\" data-e-type=\"container\">\n\t\t\t\t<div class=\"elementor-element elementor-element-42bfdd9 elementor-widget elementor-widget-theme-post-featured-image elementor-widget-image\" data-id=\"42bfdd9\" data-element_type=\"widget\" data-e-type=\"widget\" data-widget_type=\"theme-post-featured-image.default\">\n\t\t\t\t\t\t\t\t\t\t\t\t<figure class=\"wp-caption\">\n\t\t\t\t\t\t\t\t\t\t\t<a href=\"https:\/\/eunic-romania.ro\/ro\/contributor\/ligia-soare\/\">\n\t\t\t\t\t\t\t<img loading=\"lazy\" decoding=\"async\" width=\"768\" height=\"768\" src=\"data:image\/gif;base64,R0lGODlhAQABAAAAACH5BAEKAAEALAAAAAABAAEAAAICTAEAOw==\" class=\"attachment-medium_large size-medium_large wp-image-3346 lazyload\" alt=\"Ligia Soare, z\u00e2mbind \u0219i vorbind la microfon, purt\u00e2nd un bluz\u0103 bleumarin \u0219i o e\u0219arf\u0103 turcoaz. Foto: T\u00f3th Helga.\" sizes=\"(max-width: 768px) 100vw, 768px\" data-src=\"https:\/\/eunic-romania.ro\/wp-content\/uploads\/2026\/08\/Ligia-Soare_photo-by-Toth-Helga-768x768.jpg\" data-srcset=\"https:\/\/eunic-romania.ro\/wp-content\/uploads\/2026\/08\/Ligia-Soare_photo-by-Toth-Helga-768x768.jpg 768w, https:\/\/eunic-romania.ro\/wp-content\/uploads\/2026\/08\/Ligia-Soare_photo-by-Toth-Helga-300x300.jpg 300w, https:\/\/eunic-romania.ro\/wp-content\/uploads\/2026\/08\/Ligia-Soare_photo-by-Toth-Helga-1024x1024.jpg 1024w, https:\/\/eunic-romania.ro\/wp-content\/uploads\/2026\/08\/Ligia-Soare_photo-by-Toth-Helga-150x150.jpg 150w, https:\/\/eunic-romania.ro\/wp-content\/uploads\/2026\/08\/Ligia-Soare_photo-by-Toth-Helga.jpg 1200w\">\t\t\t\t\t\t\t\t<\/a>\n\t\t\t\t\t\t\t\t\t\t\t<figcaption class=\"widget-image-caption wp-caption-text\">Ligia Soare<\/figcaption>\n\t\t\t\t\t\t\t\t\t\t<\/figure>\n\t\t\t\t\t\t\t\t\t<\/div>\n\t\t\t\t<div class=\"elementor-element elementor-element-9724ce1 elementor-widget elementor-widget-text-editor\" data-id=\"9724ce1\" data-element_type=\"widget\" data-e-type=\"widget\" data-widget_type=\"text-editor.default\">\n\t\t\t\t\t\t\t\t\t<p>Manager Cultural, Traduc\u0103toare audiovizual\u0103, specializat\u0103 \u00een incluziune \u0219i accesibilizare cultural\u0103<\/p>\t\t\t\t\t\t\t\t<\/div>\n\t\t\t\t<\/div>\n\t\t\t\t<\/div>\n\t\t\t\t<div data-elementor-type=\"loop-item\" data-elementor-id=\"3208\" class=\"elementor elementor-3208 e-loop-item e-loop-item-3380 post-3380 contributor type-contributor status-publish has-post-thumbnail hentry tag-accessibility-academy\" data-elementor-post-type=\"elementor_library\" data-custom-edit-handle=\"1\">\n\t\t\t<div class=\"elementor-element elementor-element-1d2c45c e-con-full e-flex e-con e-parent\" data-id=\"1d2c45c\" data-element_type=\"container\" data-e-type=\"container\">\n\t\t\t\t<div class=\"elementor-element elementor-element-42bfdd9 elementor-widget elementor-widget-theme-post-featured-image elementor-widget-image\" data-id=\"42bfdd9\" data-element_type=\"widget\" data-e-type=\"widget\" data-widget_type=\"theme-post-featured-image.default\">\n\t\t\t\t\t\t\t\t\t\t\t\t<figure class=\"wp-caption\">\n\t\t\t\t\t\t\t\t\t\t\t<a href=\"https:\/\/eunic-romania.ro\/ro\/contributor\/olga-macrinici\/\">\n\t\t\t\t\t\t\t<img loading=\"lazy\" decoding=\"async\" width=\"768\" height=\"768\" src=\"data:image\/gif;base64,R0lGODlhAQABAAAAACH5BAEKAAEALAAAAAABAAEAAAICTAEAOw==\" class=\"attachment-medium_large size-medium_large wp-image-3347 lazyload\" alt=\"O femeie \u00eentr-o jachet\u0103 albastr\u0103 \u0219i o fust\u0103 lung\u0103 neagr\u0103, sprijinindu-se \u00eentr-un baston portocaliu, st\u00e2nd l\u00e2ng\u0103 un gard de lemn pe o coast\u0103 st\u00e2ncoas\u0103, cu valuri \u00een spate.\" sizes=\"(max-width: 768px) 100vw, 768px\" data-src=\"https:\/\/eunic-romania.ro\/wp-content\/uploads\/2026\/08\/Olga-Macrinici-768x768.jpg\" data-srcset=\"https:\/\/eunic-romania.ro\/wp-content\/uploads\/2026\/08\/Olga-Macrinici-768x768.jpg 768w, https:\/\/eunic-romania.ro\/wp-content\/uploads\/2026\/08\/Olga-Macrinici-300x300.jpg 300w, https:\/\/eunic-romania.ro\/wp-content\/uploads\/2026\/08\/Olga-Macrinici-1024x1024.jpg 1024w, https:\/\/eunic-romania.ro\/wp-content\/uploads\/2026\/08\/Olga-Macrinici-150x150.jpg 150w, https:\/\/eunic-romania.ro\/wp-content\/uploads\/2026\/08\/Olga-Macrinici.jpg 1200w\">\t\t\t\t\t\t\t\t<\/a>\n\t\t\t\t\t\t\t\t\t\t\t<figcaption class=\"widget-image-caption wp-caption-text\">Olga Macrinici<\/figcaption>\n\t\t\t\t\t\t\t\t\t\t<\/figure>\n\t\t\t\t\t\t\t\t\t<\/div>\n\t\t\t\t<div class=\"elementor-element elementor-element-9724ce1 elementor-widget elementor-widget-text-editor\" data-id=\"9724ce1\" data-element_type=\"widget\" data-e-type=\"widget\" data-widget_type=\"text-editor.default\">\n\t\t\t\t\t\t\t\t\t<p>Curator Arts and Disability<\/p>\t\t\t\t\t\t\t\t<\/div>\n\t\t\t\t<\/div>\n\t\t\t\t<\/div>\n\t\t\t\t<div data-elementor-type=\"loop-item\" data-elementor-id=\"3208\" class=\"elementor elementor-3208 e-loop-item e-loop-item-3375 post-3375 contributor type-contributor status-publish has-post-thumbnail hentry tag-accessibility-academy\" data-elementor-post-type=\"elementor_library\" data-custom-edit-handle=\"1\">\n\t\t\t<div class=\"elementor-element elementor-element-1d2c45c e-con-full e-flex e-con e-parent\" data-id=\"1d2c45c\" data-element_type=\"container\" data-e-type=\"container\">\n\t\t\t\t<div class=\"elementor-element elementor-element-42bfdd9 elementor-widget elementor-widget-theme-post-featured-image elementor-widget-image\" data-id=\"42bfdd9\" data-element_type=\"widget\" data-e-type=\"widget\" data-widget_type=\"theme-post-featured-image.default\">\n\t\t\t\t\t\t\t\t\t\t\t\t<figure class=\"wp-caption\">\n\t\t\t\t\t\t\t\t\t\t\t<a href=\"https:\/\/eunic-romania.ro\/ro\/contributor\/ruxandra-mateescu\/\">\n\t\t\t\t\t\t\t<img loading=\"lazy\" decoding=\"async\" width=\"768\" height=\"768\" src=\"data:image\/gif;base64,R0lGODlhAQABAAAAACH5BAEKAAEALAAAAAABAAEAAAICTAEAOw==\" class=\"attachment-medium_large size-medium_large wp-image-3348 lazyload\" alt=\"Femeie privind \u00een sus, \u00een fa\u021ba unui perete cu text \u0219i ilustra\u021bii desenate de m\u00e2n\u0103.\" sizes=\"(max-width: 768px) 100vw, 768px\" data-src=\"https:\/\/eunic-romania.ro\/wp-content\/uploads\/2026\/08\/Ruxandra-Mateescu-768x768.jpg\" data-srcset=\"https:\/\/eunic-romania.ro\/wp-content\/uploads\/2026\/08\/Ruxandra-Mateescu-768x768.jpg 768w, https:\/\/eunic-romania.ro\/wp-content\/uploads\/2026\/08\/Ruxandra-Mateescu-300x300.jpg 300w, https:\/\/eunic-romania.ro\/wp-content\/uploads\/2026\/08\/Ruxandra-Mateescu-1024x1024.jpg 1024w, https:\/\/eunic-romania.ro\/wp-content\/uploads\/2026\/08\/Ruxandra-Mateescu-150x150.jpg 150w, https:\/\/eunic-romania.ro\/wp-content\/uploads\/2026\/08\/Ruxandra-Mateescu.jpg 1200w\">\t\t\t\t\t\t\t\t<\/a>\n\t\t\t\t\t\t\t\t\t\t\t<figcaption class=\"widget-image-caption wp-caption-text\">Ruxandra Mateescu<\/figcaption>\n\t\t\t\t\t\t\t\t\t\t<\/figure>\n\t\t\t\t\t\t\t\t\t<\/div>\n\t\t\t\t<div class=\"elementor-element elementor-element-9724ce1 elementor-widget elementor-widget-text-editor\" data-id=\"9724ce1\" data-element_type=\"widget\" data-e-type=\"widget\" data-widget_type=\"text-editor.default\">\n\t\t\t\t\t\t\t\t\t<p>Coordonator pentru Accesibilitate \u0219i Mediere<\/p>\t\t\t\t\t\t\t\t<\/div>\n\t\t\t\t<\/div>\n\t\t\t\t<\/div>\n\t\t\t\t<\/div>\n\t\t\n\t\t\t\t\t\t<\/div>\n\t\t\t\t<\/div>\n\t\t\t\t<\/div>\n\t\t\t\t<\/div>\n\t\t\n<h2 id=\"accessibility\"><span style=\"color: #36756b;\">Accesibilitate<\/span><\/h2>\n<p class=\"isSelectedEnd\">Spa\u021biile \u0219i programul includ:<\/p>\n<ul data-spread=\"false\">\n<li>acces pentru utilizatorii de scaun rulant \u0219i toalete accesibile;<\/li>\n<li>o camer\u0103 lini\u0219tit\u0103;<\/li>\n<li>obiecte senzoriale antistres;<\/li>\n<li>forma\u021bii disponibile \u00een limbaj simplu \u0219i format Easy Read;<\/li>\n<li>interpretare \u00een limba semnelor rom\u00e2ne<\/li>\n<\/ul>\n<p class=\"isSelectedEnd\">Limba principal\u0103 vorbit\u0103 este <strong>engleza, cu traducere \u00een limba rom\u00e2n\u0103<\/strong>.<\/p>\n<p>Pentru mai multe informa\u021bii despre proiect, vizita\u021bi <a href=\"https:\/\/eunic-romania.ro\/cluster-project\/access-constellation\/\">Access Constellation<\/a>.<\/p>\n\t\t<div data-elementor-type=\"container\" data-elementor-id=\"2964\" class=\"elementor elementor-2964 elementor-2960\" data-elementor-post-type=\"elementor_library\">\n\t\t\t\t<div class=\"elementor-element elementor-element-143fbfe e-con-full e-flex e-con e-parent\" data-id=\"143fbfe\" data-element_type=\"container\" data-e-type=\"container\">\n\t\t\t\t<div class=\"elementor-element elementor-element-94834c4 elementor-widget-divider--view-line_text elementor-widget-divider--element-align-left elementor-widget elementor-widget-divider\" data-id=\"94834c4\" data-element_type=\"widget\" data-e-type=\"widget\" data-widget_type=\"divider.default\">\n\t\t\t\t\t\t\t<div class=\"elementor-divider\">\n\t\t\t<span class=\"elementor-divider-separator\">\n\t\t\t\t\t\t\t<span class=\"elementor-divider__text elementor-divider__element\">\n\t\t\t\tOrganizatori:\t\t\t\t<\/span>\n\t\t\t\t\t\t<\/span>\n\t\t<\/div>\n\t\t\t\t\t\t<\/div>\n\t\t\t\t<div class=\"elementor-element elementor-element-616da37 elementor-hidden-tablet elementor-hidden-mobile elementor-widget elementor-widget-image\" data-id=\"616da37\" data-element_type=\"widget\" data-e-type=\"widget\" data-widget_type=\"image.default\">\n\t\t\t\t\t\t\t\t\t\t\t\t\t\t\t<img loading=\"lazy\" decoding=\"async\" width=\"2560\" height=\"219\" src=\"data:image\/gif;base64,R0lGODlhAQABAAAAACH5BAEKAAEALAAAAAABAAEAAAICTAEAOw==\" class=\"attachment-full size-full wp-image-2956 lazyload\" alt=\"\" data-src=\"https:\/\/eunic-romania.ro\/wp-content\/uploads\/2026\/08\/IIC-ACCESS-CONSTELLATION-IC_LOGOS-scaled-e1786600731219.jpg\">\t\t\t\t\t\t\t\t\t\t\t\t\t\t\t<\/div>\n\t\t\t\t<div class=\"elementor-element elementor-element-5318912 elementor-hidden-desktop elementor-widget elementor-widget-image\" data-id=\"5318912\" data-element_type=\"widget\" data-e-type=\"widget\" data-widget_type=\"image.default\">\n\t\t\t\t\t\t\t\t\t\t\t\t\t\t\t<img loading=\"lazy\" decoding=\"async\" width=\"2000\" height=\"971\" src=\"data:image\/gif;base64,R0lGODlhAQABAAAAACH5BAEKAAEALAAAAAABAAEAAAICTAEAOw==\" class=\"attachment-full size-full wp-image-3047 lazyload\" alt=\"\" sizes=\"(max-width: 2000px) 100vw, 2000px\" data-src=\"https:\/\/eunic-romania.ro\/wp-content\/uploads\/2026\/08\/orgranizers-mobile.png\" data-srcset=\"https:\/\/eunic-romania.ro\/wp-content\/uploads\/2026\/08\/orgranizers-mobile.png 2000w, https:\/\/eunic-romania.ro\/wp-content\/uploads\/2026\/08\/orgranizers-mobile-300x146.png 300w, https:\/\/eunic-romania.ro\/wp-content\/uploads\/2026\/08\/orgranizers-mobile-1024x497.png 1024w, https:\/\/eunic-romania.ro\/wp-content\/uploads\/2026\/08\/orgranizers-mobile-768x373.png 768w, https:\/\/eunic-romania.ro\/wp-content\/uploads\/2026\/08\/orgranizers-mobile-1536x746.png 1536w\">\t\t\t\t\t\t\t\t\t\t\t\t\t\t\t<\/div>\n\t\t\t\t<div class=\"elementor-element elementor-element-c2cee10 elementor-widget-divider--view-line_text elementor-widget-divider--element-align-left elementor-widget elementor-widget-divider\" data-id=\"c2cee10\" data-element_type=\"widget\" data-e-type=\"widget\" data-widget_type=\"divider.default\">\n\t\t\t\t\t\t\t<div class=\"elementor-divider\">\n\t\t\t<span class=\"elementor-divider-separator\">\n\t\t\t\t\t\t\t<span class=\"elementor-divider__text elementor-divider__element\">\n\t\t\t\tParteneri:\t\t\t\t<\/span>\n\t\t\t\t\t\t<\/span>\n\t\t<\/div>\n\t\t\t\t\t\t<\/div>\n\t\t\t\t<div class=\"elementor-element elementor-element-3e65318 elementor-widget__width-initial elementor-widget elementor-widget-image\" data-id=\"3e65318\" data-element_type=\"widget\" data-e-type=\"widget\" data-widget_type=\"image.default\">\n\t\t\t\t\t\t\t\t\t\t\t\t\t\t\t<img loading=\"lazy\" decoding=\"async\" width=\"2560\" height=\"171\" src=\"data:image\/gif;base64,R0lGODlhAQABAAAAACH5BAEKAAEALAAAAAABAAEAAAICTAEAOw==\" class=\"attachment-full size-full wp-image-3046 lazyload\" alt=\"\" sizes=\"(max-width: 2560px) 100vw, 2560px\" data-src=\"https:\/\/eunic-romania.ro\/wp-content\/uploads\/2026\/08\/partners3-scaled.png\" data-srcset=\"https:\/\/eunic-romania.ro\/wp-content\/uploads\/2026\/08\/partners3-scaled.png 2560w, https:\/\/eunic-romania.ro\/wp-content\/uploads\/2026\/08\/partners3-300x20.png 300w, https:\/\/eunic-romania.ro\/wp-content\/uploads\/2026\/08\/partners3-1024x68.png 1024w, https:\/\/eunic-romania.ro\/wp-content\/uploads\/2026\/08\/partners3-768x51.png 768w, https:\/\/eunic-romania.ro\/wp-content\/uploads\/2026\/08\/partners3-1536x102.png 1536w, https:\/\/eunic-romania.ro\/wp-content\/uploads\/2026\/08\/partners3-2048x137.png 2048w\">\t\t\t\t\t\t\t\t\t\t\t\t\t\t\t<\/div>\n\t\t\t\t<div class=\"elementor-element elementor-element-7f6c046 elementor-widget-divider--view-line_text elementor-widget-divider--element-align-left elementor-widget elementor-widget-divider\" data-id=\"7f6c046\" data-element_type=\"widget\" data-e-type=\"widget\" data-widget_type=\"divider.default\">\n\t\t\t\t\t\t\t<div class=\"elementor-divider\">\n\t\t\t<span class=\"elementor-divider-separator\">\n\t\t\t\t\t\t\t<span class=\"elementor-divider__text elementor-divider__element\">\n\t\t\t\tPartener de acomodare\t\t\t\t<\/span>\n\t\t\t\t\t\t<\/span>\n\t\t<\/div>\n\t\t\t\t\t\t<\/div>\n\t\t\t\t<div class=\"elementor-element elementor-element-286d15f elementor-widget__width-initial elementor-widget elementor-widget-image\" data-id=\"286d15f\" data-element_type=\"widget\" data-e-type=\"widget\" data-widget_type=\"image.default\">\n\t\t\t\t\t\t\t\t\t\t\t\t\t\t\t<img loading=\"lazy\" decoding=\"async\" width=\"1250\" height=\"644\" src=\"data:image\/gif;base64,R0lGODlhAQABAAAAACH5BAEKAAEALAAAAAABAAEAAAICTAEAOw==\" class=\"attachment-full size-full wp-image-3708 lazyload\" alt=\"\" sizes=\"(max-width: 1250px) 100vw, 1250px\" data-src=\"https:\/\/eunic-romania.ro\/wp-content\/uploads\/2026\/08\/hotel-cismigiu-e1788245056528.jpeg\" data-srcset=\"https:\/\/eunic-romania.ro\/wp-content\/uploads\/2026\/08\/hotel-cismigiu-e1788245056528.jpeg 1250w, https:\/\/eunic-romania.ro\/wp-content\/uploads\/2026\/08\/hotel-cismigiu-e1788245056528-300x155.jpeg 300w, https:\/\/eunic-romania.ro\/wp-content\/uploads\/2026\/08\/hotel-cismigiu-e1788245056528-1024x528.jpeg 1024w, https:\/\/eunic-romania.ro\/wp-content\/uploads\/2026\/08\/hotel-cismigiu-e1788245056528-768x396.jpeg 768w\">\t\t\t\t\t\t\t\t\t\t\t\t\t\t\t<\/div>\n\t\t\t\t<\/div>\n\t\t\t\t<\/div>\n\t\t\n","protected":false},"excerpt":{"rendered":"<p>Despre Academia de Accesibilitate \u00ee\u0219i propune s\u0103 reuneasc\u0103 profesioni\u0219ti din domeniul cultural, practicieni din sectoarele creative, consultan\u021bi \u00een accesibilitate, cercet\u0103tori,&hellip; <a class=\"continue\" href=\"https:\/\/eunic-romania.ro\/ro\/contributor\/ruxandra-mateescu\/\">Continue Reading<span> Ruxandra Mateescu<\/span><\/a> <a class=\"continue\" href=\"https:\/\/eunic-romania.ro\/ro\/contributor\/ruxandra-mateescu\/\">Continue Reading<span> Ruxandra Mateescu<\/span><\/a><\/p>\n","protected":false},"featured_media":2769,"template":"","meta":{"site-sidebar-layout":"default","site-content-layout":"","ast-site-content-layout":"default","site-content-style":"default","site-sidebar-style":"default","ast-global-header-display":"","ast-banner-title-visibility":"","ast-main-header-display":"","ast-hfb-above-header-display":"","ast-hfb-below-header-display":"","ast-hfb-mobile-header-display":"","site-post-title":"","ast-breadcrumbs-content":"","ast-featured-img":"","footer-sml-layout":"","ast-disable-related-posts":"","theme-transparent-header-meta":"default","adv-header-id-meta":"","stick-header-meta":"default","header-above-stick-meta":"","header-main-stick-meta":"","header-below-stick-meta":"","astra-migrate-meta-layouts":"set","ast-page-background-enabled":"default","ast-page-background-meta":{"desktop":{"background-color":"var(--ast-global-color-5)","background-image":"","background-repeat":"repeat","background-position":"center center","background-size":"auto","background-attachment":"scroll","background-type":"","background-media":"","overlay-type":"","overlay-color":"","overlay-opacity":"","overlay-gradient":""},"tablet":{"background-color":"","background-image":"","background-repeat":"repeat","background-position":"center center","background-size":"auto","background-attachment":"scroll","background-type":"","background-media":"","overlay-type":"","overlay-color":"","overlay-opacity":"","overlay-gradient":""},"mobile":{"background-color":"","background-image":"","background-repeat":"repeat","background-position":"center center","background-size":"auto","background-attachment":"scroll","background-type":"","background-media":"","overlay-type":"","overlay-color":"","overlay-opacity":"","overlay-gradient":""}},"ast-content-background-meta":{"desktop":{"background-color":"var(--ast-global-color-4)","background-image":"","background-repeat":"repeat","background-position":"center center","background-size":"auto","background-attachment":"scroll","background-type":"","background-media":"","overlay-type":"","overlay-color":"","overlay-opacity":"","overlay-gradient":""},"tablet":{"background-color":"var(--ast-global-color-4)","background-image":"","background-repeat":"repeat","background-position":"center center","background-size":"auto","background-attachment":"scroll","background-type":"","background-media":"","overlay-type":"","overlay-color":"","overlay-opacity":"","overlay-gradient":""},"mobile":{"background-color":"var(--ast-global-color-4)","background-image":"","background-repeat":"repeat","background-position":"center center","background-size":"auto","background-attachment":"scroll","background-type":"","background-media":"","overlay-type":"","overlay-color":"","overlay-opacity":"","overlay-gradient":""}},"footnotes":""},"categories":[77],"class_list":["post-3354","events","type-events","status-publish","has-post-thumbnail","hentry","category-projects"],"toolset-meta":{"accessibility-options":{"summary":{"type":"wysiwyg","raw":"<a href=\"#about\">Despre<\/a>\r\n\r\n<a href=\"#programme-overview\">Program<\/a>\r\n\r\n<a href=\"#confirmed-speakers\">Invita\u021bi<\/a>\r\n\r\n<a href=\"#accessibility\">Accesibilitate<\/a>"}},"page-structure":{"left-sidebar":{"type":"wysiwyg","raw":""}},"event-details":{"event-date-venue":{"type":"wysiwyg","raw":""}}},"_links":{"self":[{"href":"https:\/\/eunic-romania.ro\/ro\/wp-json\/wp\/v2\/events\/3354","targetHints":{"allow":["GET"]}}],"collection":[{"href":"https:\/\/eunic-romania.ro\/ro\/wp-json\/wp\/v2\/events"}],"about":[{"href":"https:\/\/eunic-romania.ro\/ro\/wp-json\/wp\/v2\/types\/events"}],"version-history":[{"count":7,"href":"https:\/\/eunic-romania.ro\/ro\/wp-json\/wp\/v2\/events\/3354\/revisions"}],"predecessor-version":[{"id":3396,"href":"https:\/\/eunic-romania.ro\/ro\/wp-json\/wp\/v2\/events\/3354\/revisions\/3396"}],"wp:featuredmedia":[{"embeddable":true,"href":"https:\/\/eunic-romania.ro\/ro\/wp-json\/wp\/v2\/media\/2769"}],"wp:attachment":[{"href":"https:\/\/eunic-romania.ro\/ro\/wp-json\/wp\/v2\/media?parent=3354"}],"wp:term":[{"taxonomy":"category","embeddable":true,"href":"https:\/\/eunic-romania.ro\/ro\/wp-json\/wp\/v2\/categories?post=3354"}],"curies":[{"name":"wp","href":"https:\/\/api.w.org\/{rel}","templated":true}]}}