{"id":3607,"date":"2026-08-10T13:23:55","date_gmt":"2026-08-10T10:23:55","guid":{"rendered":"https:\/\/eunic-romania.ro\/events\/accessibility-incubators\/"},"modified":"2026-08-25T12:01:38","modified_gmt":"2026-08-25T09:01:38","slug":"accessibility-incubators","status":"publish","type":"events","link":"https:\/\/eunic-romania.ro\/ro\/events\/accessibility-incubators\/","title":{"rendered":"Incubatoare de Accesibilitate"},"content":{"rendered":"\n<div class=\"wp-block-group has-border-color has-ast-global-color-0-border-color is-layout-constrained wp-container-core-group-is-layout-5f1a4523 wp-block-group-is-layout-constrained\" style=\"border-width:3px;border-top-left-radius:0px;border-top-right-radius:0px;border-bottom-left-radius:0px;border-bottom-right-radius:0px;margin-top:0;margin-bottom:0;padding-top:var(--wp--preset--spacing--40);padding-right:var(--wp--preset--spacing--40);padding-bottom:var(--wp--preset--spacing--40);padding-left:var(--wp--preset--spacing--40)\">\n<h2 id=\"vocea-mea\" class=\"wp-block-heading\"><strong>Vocea mea, scena mea: un atelier de teatru, cu Jitka Vrbkov\u00e1 (Republica Ceh\u0103)<\/strong><\/h2>\n\n\n\n<p class=\"wp-block-paragraph\"><strong>Pentru cine:<\/strong> tineri cu sindrom Down \u0219i alte dizabilit\u0103\u021bi de \u00eenv\u0103\u021bare (+16 ani).<\/p>\n\n\n\n<p class=\"wp-block-paragraph\"><strong>C\u00e2nd: <\/strong>5, 6 \u0219i 7 septembrie (\u00eentre orele 10:00 \u2013 15:00). &#8211; Pauz\u0103 de mas\u0103 \u00eentre 12:00 \u0219i 13:00<\/p>\n\n\n\n<p class=\"wp-block-paragraph\">Centrul Ceh \u0219i asocia\u021bia Supereroi printre noi te invit\u0103 s\u0103 participi la un atelier de teatru \u0219i mi\u0219care, sus\u021binut de <a href=\"https:\/\/eunic-romania.ro\/ro\/contributor\/jitka-vrbkova\/\"><strong>Jitka Vrbkov\u00e1<\/strong><\/a>, fondatoare \u0219i directoare artistic\u0103 al <strong>Teatrului Aldente <\/strong>(Cehia).<\/p>\n\n\n\n<div class=\"wp-block-columns is-layout-flex wp-container-core-columns-is-layout-7387b849 wp-block-columns-is-layout-flex\">\n<div class=\"wp-block-column is-layout-flow wp-block-column-is-layout-flow\" style=\"flex-basis:33.33%\">\n<figure class=\"wp-block-image size-large\"><img fetchpriority=\"high\" decoding=\"async\" width=\"1024\" height=\"1024\" src=\"data:image\/gif;base64,R0lGODlhAQABAAAAACH5BAEKAAEALAAAAAABAAEAAAICTAEAOw==\" alt=\"Portrait of Jitka Vrbkov\u00e1, smiling, with long fair hair, wearing a black top, a fine necklace and drop earrings, photographed outdoors in a green park.\" class=\"wp-image-3268 lazyload\" sizes=\"(max-width: 1024px) 100vw, 1024px\" data-src=\"https:\/\/eunic-romania.ro\/wp-content\/uploads\/2026\/08\/Jitka-Vrbkova-CZ-1024x1024.jpg\" data-srcset=\"https:\/\/eunic-romania.ro\/wp-content\/uploads\/2026\/08\/Jitka-Vrbkova-CZ-1024x1024.jpg 1024w, https:\/\/eunic-romania.ro\/wp-content\/uploads\/2026\/08\/Jitka-Vrbkova-CZ-300x300.jpg 300w, https:\/\/eunic-romania.ro\/wp-content\/uploads\/2026\/08\/Jitka-Vrbkova-CZ-150x150.jpg 150w, https:\/\/eunic-romania.ro\/wp-content\/uploads\/2026\/08\/Jitka-Vrbkova-CZ-768x768.jpg 768w, https:\/\/eunic-romania.ro\/wp-content\/uploads\/2026\/08\/Jitka-Vrbkova-CZ.jpg 1361w\"><\/figure>\n<\/div>\n\n\n\n<div class=\"wp-block-column is-layout-flow wp-block-column-is-layout-flow\" style=\"flex-basis:66.66%\">\n<p class=\"wp-block-paragraph\">Practica Jitk\u0103i porne\u0219te de la convingerea c\u0103 fiecare persoan\u0103 are abilit\u0103\u021bi nea\u0219teptate, capabile s\u0103 \u00eei inspire pe ceilal\u021bi. Acest atelier este o ocazie de a-\u021bi descoperi propria voce \u0219i de a-\u021bi \u00eemp\u0103rt\u0103\u0219i viziunea asupra lumii cu ceilal\u021bi.<\/p>\n\n\n\n<ul class=\"wp-block-list\">\n<li>Po\u021bi s\u0103 te mi\u0219ti, s\u0103 vorbe\u0219ti \u0219i s\u0103 fii a\u0219a cum e\u0219ti tu.<\/li>\n\n\n\n<li>Nu trebuie s\u0103 \u0219tii deja s\u0103 joci teatru. Po\u021bi veni chiar dac\u0103 ai nevoie de mult ajutor.<\/li>\n\n\n\n<li>Aici po\u021bi fi tu \u00eensu\u021bi\/\u00eens\u0103\u021bi. Nimeni nu te preseaz\u0103 \u0219i nimeni nu te oblig\u0103.<\/li>\n\n\n\n<li>E de preferat ca persoanele care te ajut\u0103 de obicei s\u0103 nu intre \u00een sal\u0103 \u00een timpul atelierului. Ele vor intra doar dac\u0103 este chiar nevoie. Dar vom avea voluntari care s\u0103 te ajute dac\u0103 ai nevoie.<\/li>\n\n\n\n<li>Jitka are mult\u0103 experien\u021b\u0103. A lucrat mult timp cu actori \u0219i scriitori cu sindrom Down.<\/li>\n\n\n\n<li>Ea te va ajuta pe tot parcursul atelierului.<\/li>\n\n\n\n<li>Vei fi \u00eentr-un loc sigur, unde e\u0219ti binevenit\/\u0103.<\/li>\n<\/ul>\n<\/div>\n<\/div>\n\n\n\n<p class=\"wp-block-paragraph\">Dac\u0103 e\u0219ti interesat\/interesat\u0103 s\u0103 participi la acest atelier, te rug\u0103m s\u0103 te \u00eenscrii complet\u00e2nd formularul de mai jos.<\/p>\n\n\n\t\t<div data-elementor-type=\"container\" data-elementor-id=\"3525\" class=\"elementor elementor-3525 elementor-3493\" data-elementor-post-type=\"elementor_library\">\n\t\t\t\t<div class=\"elementor-element elementor-element-be9f7e3 e-con-full e-flex e-con e-parent\" data-id=\"be9f7e3\" data-element_type=\"container\" data-e-type=\"container\">\n\t\t\t\t<div class=\"elementor-element elementor-element-2f1988c elementor-widget elementor-widget-button\" data-id=\"2f1988c\" data-element_type=\"widget\" data-e-type=\"widget\" data-widget_type=\"button.default\">\n\t\t\t\t\t\t\t\t\t\t<a class=\"elementor-button elementor-button-link elementor-size-sm\" href=\"https:\/\/docs.google.com\/forms\/d\/e\/1FAIpQLSfOgGkpPzpwQD1gaHSOZgH5TTEXozSLDrXG3bIibjsMEsgVwg\/viewform?usp=sharing&#038;ouid=100346479476350347063\" target=\"_blank\" rel=\"noopener\">\n\t\t\t\t\t\t<span class=\"elementor-button-content-wrapper\">\n\t\t\t\t\t\t<span class=\"elementor-button-icon\">\n\t\t\t\t<svg aria-hidden=\"true\" class=\"e-font-icon-svg e-far-arrow-alt-circle-right\" viewBox=\"0 0 512 512\" xmlns=\"http:\/\/www.w3.org\/2000\/svg\"><path d=\"M504 256C504 119 393 8 256 8S8 119 8 256s111 248 248 248 248-111 248-248zm-448 0c0-110.5 89.5-200 200-200s200 89.5 200 200-89.5 200-200 200S56 366.5 56 256zm72 20v-40c0-6.6 5.4-12 12-12h116v-67c0-10.7 12.9-16 20.5-8.5l99 99c4.7 4.7 4.7 12.3 0 17l-99 99c-7.6 7.6-20.5 2.2-20.5-8.5v-67H140c-6.6 0-12-5.4-12-12z\"><\/path><\/svg>\t\t\t<\/span>\n\t\t\t\t\t\t\t\t\t<span class=\"elementor-button-text\">\u00cenregistreaz\u0103-te aici<\/span>\n\t\t\t\t\t<\/span>\n\t\t\t\t\t<\/a>\n\t\t\t\t\t\t\t\t<\/div>\n\t\t\t\t<\/div>\n\t\t\t\t<\/div>\n\t\t\n\n\n\n<h3 class=\"wp-block-heading\">Apel Deschis: din 24 August 2026, 9:00<br>Deadline: 2 septembrie 2026, 23:59<\/h3>\n\n\n\t\t<div data-elementor-type=\"container\" data-elementor-id=\"3477\" class=\"elementor elementor-3477\" data-elementor-post-type=\"elementor_library\">\n\t\t\t\t<div class=\"elementor-element elementor-element-da3ac6b e-con-full e-flex e-con e-parent\" data-id=\"da3ac6b\" data-element_type=\"container\" data-e-type=\"container\">\n\t\t\t\t<\/div>\n\t\t<div class=\"elementor-element elementor-element-8ff9ee6 e-con-full e-flex e-con e-parent\" data-id=\"8ff9ee6\" data-element_type=\"container\" data-e-type=\"container\">\n\t\t\t\t<div class=\"elementor-element elementor-element-1562661 elementor-widget__width-initial elementor-widget elementor-widget-image\" data-id=\"1562661\" data-element_type=\"widget\" data-e-type=\"widget\" data-widget_type=\"image.default\">\n\t\t\t\t\t\t\t\t\t\t\t\t\t\t\t\t<a href=\"https:\/\/eunic-romania.ro\/cluster-member\/czech-centre-bucharest\/\">\n\t\t\t\t\t\t\t<img decoding=\"async\" width=\"528\" height=\"129\" src=\"data:image\/gif;base64,R0lGODlhAQABAAAAACH5BAEKAAEALAAAAAABAAEAAAICTAEAOw==\" class=\"attachment-2048x2048 size-2048x2048 wp-image-2158 lazyload\" alt=\"\" sizes=\"(max-width: 528px) 100vw, 528px\" data-src=\"https:\/\/eunic-romania.ro\/wp-content\/uploads\/2026\/07\/logo-cc-bucharest1.webp\" data-srcset=\"https:\/\/eunic-romania.ro\/wp-content\/uploads\/2026\/07\/logo-cc-bucharest1.webp 528w, https:\/\/eunic-romania.ro\/wp-content\/uploads\/2026\/07\/logo-cc-bucharest1-300x73.webp 300w\">\t\t\t\t\t\t\t\t<\/a>\n\t\t\t\t\t\t\t\t\t\t\t\t\t\t\t<\/div>\n\t\t\t\t<div class=\"elementor-element elementor-element-96a9462 elementor-widget__width-initial elementor-widget elementor-widget-image\" data-id=\"96a9462\" data-element_type=\"widget\" data-e-type=\"widget\" data-widget_type=\"image.default\">\n\t\t\t\t\t\t\t\t\t\t\t\t\t\t\t\t<a href=\"https:\/\/supereroiprintrenoi.ro\/\" target=\"_blank\" rel=\"noopener\">\n\t\t\t\t\t\t\t<img decoding=\"async\" width=\"1162\" height=\"554\" src=\"data:image\/gif;base64,R0lGODlhAQABAAAAACH5BAEKAAEALAAAAAABAAEAAAICTAEAOw==\" class=\"attachment-2048x2048 size-2048x2048 wp-image-3482 lazyload\" alt=\"\" sizes=\"(max-width: 1162px) 100vw, 1162px\" data-src=\"https:\/\/eunic-romania.ro\/wp-content\/uploads\/2026\/08\/logo-color-p.png\" data-srcset=\"https:\/\/eunic-romania.ro\/wp-content\/uploads\/2026\/08\/logo-color-p.png 1162w, https:\/\/eunic-romania.ro\/wp-content\/uploads\/2026\/08\/logo-color-p-300x143.png 300w, https:\/\/eunic-romania.ro\/wp-content\/uploads\/2026\/08\/logo-color-p-1024x488.png 1024w, https:\/\/eunic-romania.ro\/wp-content\/uploads\/2026\/08\/logo-color-p-768x366.png 768w\">\t\t\t\t\t\t\t\t<\/a>\n\t\t\t\t\t\t\t\t\t\t\t\t\t\t\t<\/div>\n\t\t\t\t<div class=\"elementor-element elementor-element-129c050 elementor-widget__width-initial elementor-widget elementor-widget-image\" data-id=\"129c050\" data-element_type=\"widget\" data-e-type=\"widget\" data-widget_type=\"image.default\">\n\t\t\t\t\t\t\t\t\t\t\t\t\t\t\t\t<a href=\"https:\/\/www.divadloaldente.cz\/en\/our-story\/\" target=\"_blank\" rel=\"noopener\">\n\t\t\t\t\t\t\t<img loading=\"lazy\" decoding=\"async\" width=\"162\" height=\"59\" src=\"data:image\/gif;base64,R0lGODlhAQABAAAAACH5BAEKAAEALAAAAAABAAEAAAICTAEAOw==\" class=\"attachment-2048x2048 size-2048x2048 wp-image-3508 lazyload\" alt=\"\" data-src=\"https:\/\/eunic-romania.ro\/wp-content\/uploads\/2026\/08\/Divadlo-al-dente-logo.svg\">\t\t\t\t\t\t\t\t<\/a>\n\t\t\t\t\t\t\t\t\t\t\t\t\t\t\t<\/div>\n\t\t\t\t<\/div>\n\t\t\t\t<\/div>\n\t\t\n<\/div>\n\n\n\n<div style=\"height:42px\" aria-hidden=\"true\" class=\"wp-block-spacer\"><\/div>\n\n\n\n<div class=\"wp-block-group has-border-color has-ast-global-color-2-border-color is-layout-constrained wp-container-core-group-is-layout-5f1a4523 wp-block-group-is-layout-constrained\" style=\"border-width:3px;border-top-left-radius:0px;border-top-right-radius:0px;border-bottom-left-radius:0px;border-bottom-right-radius:0px;margin-top:0;margin-bottom:0;padding-top:var(--wp--preset--spacing--40);padding-right:var(--wp--preset--spacing--40);padding-bottom:var(--wp--preset--spacing--40);padding-left:var(--wp--preset--spacing--40)\">\n<h2 id=\"bucuria-prin-arta\" class=\"wp-block-heading\"><strong>G\u0103se\u0219te-\u021bi bucuria prin art\u0103 &#8211; atelier creativ cu Kelly Ardens (Italia)<\/strong><\/h2>\n\n\n\n<p class=\"wp-block-paragraph\"><strong>Pentru cine:<\/strong> tineri neurodivergen\u021bi \u0219i\/sau cu dizabilit\u0103\u021bi de \u00eenv\u0103\u021bare (+16 ani).<br><strong>C\u00e2nd: <\/strong>7, 8, 9, 11 septembrie (\u00eentre orele 13:30 \u2013 17:30, cu pauze \u0219i pauz\u0103 de pr\u00e2nz).<br><strong>Important:<\/strong> 10 septembrie este zi liber\u0103.<\/p>\n\n\n\n<p class=\"wp-block-paragraph\"><em>Vom asigura ap\u0103, cafea, suc, snacks pe durata atelierelor.<br>Pr\u00e2nzul nu este inclus.<\/em><\/p>\n\n\n\n<p class=\"wp-block-paragraph\"><strong>Unde: <\/strong>Institutul Cervantes, Bucure\u0219ti (deschis participan\u021bilor din toat\u0103 \u021bara).<br><strong>Limba:<\/strong> englez\u0103, cu traducere \u00een limba rom\u00e2n\u0103 asigurat\u0103.<br><strong>Cost:<\/strong> gratuit.<\/p>\n\n\n\n<p class=\"wp-block-paragraph\">Ai fost vreodat\u0103 curios sau curioas\u0103 despre artele spectacolului (teatru, dans, mi\u0219care)? Vrei s\u0103 explorezi noi moduri de a-\u021bi spune povestea tuturor?<\/p>\n\n\n\n<p class=\"wp-block-paragraph\">Institutul Italian de Cultur\u0103 \u0219i Supereroi printre noi te invit\u0103 s\u0103 participi la un atelier creativ, sus\u021binut de <strong>Kelly Ardens<\/strong>. O oportunitate profesionist\u0103 pentru tinerii neurodivergen\u021bi de a descoperi lumea artelor \u0219i a scenei, \u00eentr-un cadru incluziv \u0219i pl\u0103cut.<\/p>\n\n\n\n<div class=\"wp-block-columns is-layout-flex wp-container-core-columns-is-layout-7387b849 wp-block-columns-is-layout-flex\">\n<div class=\"wp-block-column is-layout-flow wp-block-column-is-layout-flow\" style=\"flex-basis:33.33%\">\n<figure class=\"wp-block-image size-large\"><img loading=\"lazy\" decoding=\"async\" width=\"919\" height=\"1024\" src=\"data:image\/gif;base64,R0lGODlhAQABAAAAACH5BAEKAAEALAAAAAABAAEAAAICTAEAOw==\" alt=\"\" class=\"wp-image-3552 lazyload\" sizes=\"(max-width: 919px) 100vw, 919px\" data-src=\"https:\/\/eunic-romania.ro\/wp-content\/uploads\/2026\/08\/Kelly-Ardens-IT-919x1024.jpg\" data-srcset=\"https:\/\/eunic-romania.ro\/wp-content\/uploads\/2026\/08\/Kelly-Ardens-IT-919x1024.jpg 919w, https:\/\/eunic-romania.ro\/wp-content\/uploads\/2026\/08\/Kelly-Ardens-IT-269x300.jpg 269w, https:\/\/eunic-romania.ro\/wp-content\/uploads\/2026\/08\/Kelly-Ardens-IT-768x856.jpg 768w, https:\/\/eunic-romania.ro\/wp-content\/uploads\/2026\/08\/Kelly-Ardens-IT.jpg 961w\"><\/figure>\n<\/div>\n\n\n\n<div class=\"wp-block-column is-layout-flow wp-block-column-is-layout-flow\" style=\"flex-basis:66.66%\">\n<p class=\"wp-block-paragraph\">Al\u0103turi de Kelly, vei descoperi bucurie \u00een neurodivergen\u021b\u0103 \u0219i dizabilitate, indiferent de mijlocul de exprimare artistic\u0103 pe care \u00eel vei alege.<\/p>\n\n\n\n<p class=\"wp-block-paragraph\">Nu ai nevoie de nicio experien\u021b\u0103 anterioar\u0103 \u0219i nu trebuie s\u0103 vorbe\u0219ti sau s\u0103 \u0219tii s\u0103 scrii pentru a participa la acest atelier.<\/p>\n\n\n\n<p class=\"wp-block-paragraph\">Kelly te va ghida prin activit\u0103\u021bi pline de bucurie \u0219i te va ajuta s\u0103 \u00ee\u021bi spui povestea \u00een orice mod \u021bi se potrive\u0219te. Acesta este un spa\u021biu \u00een care po\u021bi experimenta, te po\u021bi juca \u0219i po\u021bi fi tu \u00eensu\u021bi\/\u00eens\u0103\u021bi.<\/p>\n\n\n\n<p class=\"wp-block-paragraph\"><a href=\"https:\/\/www.kellyardens.it\/?page_id=270\" target=\"_blank\" rel=\"noopener\">Link c\u0103tre site-ul lui Kelly<\/a><\/p>\n<\/div>\n<\/div>\n\n\n\n<p class=\"wp-block-paragraph\">Dac\u0103 e\u0219ti interesat\/interesat\u0103 s\u0103 participi la atelier, te rug\u0103m s\u0103 completezi formularul de mai jos.<\/p>\n\n\n\t\t<div data-elementor-type=\"container\" data-elementor-id=\"3567\" class=\"elementor elementor-3567\" data-elementor-post-type=\"elementor_library\">\n\t\t\t\t<div class=\"elementor-element elementor-element-73e22e65 e-con-full e-flex e-con e-parent\" data-id=\"73e22e65\" data-element_type=\"container\" data-e-type=\"container\">\n\t\t\t\t<div class=\"elementor-element elementor-element-149457f4 elementor-widget elementor-widget-button\" data-id=\"149457f4\" data-element_type=\"widget\" data-e-type=\"widget\" data-widget_type=\"button.default\">\n\t\t\t\t\t\t\t\t\t\t<a class=\"elementor-button elementor-button-link elementor-size-sm\" href=\"https:\/\/docs.google.com\/forms\/d\/e\/1FAIpQLSfvnspzInpAVFoypC1v_gcPXdzoGBfXBSk7qbwFDZP9QU94GQ\/viewform?usp=pp_url\" target=\"_blank\" rel=\"noopener\">\n\t\t\t\t\t\t<span class=\"elementor-button-content-wrapper\">\n\t\t\t\t\t\t<span class=\"elementor-button-icon\">\n\t\t\t\t<svg aria-hidden=\"true\" class=\"e-font-icon-svg e-far-arrow-alt-circle-right\" viewBox=\"0 0 512 512\" xmlns=\"http:\/\/www.w3.org\/2000\/svg\"><path d=\"M504 256C504 119 393 8 256 8S8 119 8 256s111 248 248 248 248-111 248-248zm-448 0c0-110.5 89.5-200 200-200s200 89.5 200 200-89.5 200-200 200S56 366.5 56 256zm72 20v-40c0-6.6 5.4-12 12-12h116v-67c0-10.7 12.9-16 20.5-8.5l99 99c4.7 4.7 4.7 12.3 0 17l-99 99c-7.6 7.6-20.5 2.2-20.5-8.5v-67H140c-6.6 0-12-5.4-12-12z\"><\/path><\/svg>\t\t\t<\/span>\n\t\t\t\t\t\t\t\t\t<span class=\"elementor-button-text\">Register here<\/span>\n\t\t\t\t\t<\/span>\n\t\t\t\t\t<\/a>\n\t\t\t\t\t\t\t\t<\/div>\n\t\t\t\t<\/div>\n\t\t\t\t<\/div>\n\t\t\n\n\n\n<h3 class=\"wp-block-heading\"><strong>Open call launch: 24 August 2026, 9:00<br><\/strong><strong>Deadline: 2 september 2026, 23:59<\/strong><\/h3>\n\n\n\t\t<div data-elementor-type=\"container\" data-elementor-id=\"3572\" class=\"elementor elementor-3572\" data-elementor-post-type=\"elementor_library\">\n\t\t\t\t<div class=\"elementor-element elementor-element-4980be8f e-con-full e-flex e-con e-parent\" data-id=\"4980be8f\" data-element_type=\"container\" data-e-type=\"container\">\n\t\t\t\t<\/div>\n\t\t<div class=\"elementor-element elementor-element-1c632953 e-con-full e-flex e-con e-parent\" data-id=\"1c632953\" data-element_type=\"container\" data-e-type=\"container\">\n\t\t\t\t<div class=\"elementor-element elementor-element-1fe0ba59 elementor-widget__width-initial elementor-widget elementor-widget-image\" data-id=\"1fe0ba59\" data-element_type=\"widget\" data-e-type=\"widget\" data-widget_type=\"image.default\">\n\t\t\t\t\t\t\t\t\t\t\t\t\t\t\t\t<a href=\"https:\/\/eunic-romania.ro\/cluster-member\/istituto-italiano-di-cultura\/\">\n\t\t\t\t\t\t\t<img loading=\"lazy\" decoding=\"async\" width=\"447\" height=\"447\" src=\"data:image\/gif;base64,R0lGODlhAQABAAAAACH5BAEKAAEALAAAAAABAAEAAAICTAEAOw==\" class=\"attachment-2048x2048 size-2048x2048 wp-image-2172 lazyload\" alt=\"\" sizes=\"(max-width: 447px) 100vw, 447px\" data-src=\"https:\/\/eunic-romania.ro\/wp-content\/uploads\/2026\/07\/iic.jpg\" data-srcset=\"https:\/\/eunic-romania.ro\/wp-content\/uploads\/2026\/07\/iic.jpg 447w, https:\/\/eunic-romania.ro\/wp-content\/uploads\/2026\/07\/iic-300x300.jpg 300w, https:\/\/eunic-romania.ro\/wp-content\/uploads\/2026\/07\/iic-150x150.jpg 150w\">\t\t\t\t\t\t\t\t<\/a>\n\t\t\t\t\t\t\t\t\t\t\t\t\t\t\t<\/div>\n\t\t\t\t<div class=\"elementor-element elementor-element-2f009fe0 elementor-widget__width-initial elementor-widget elementor-widget-image\" data-id=\"2f009fe0\" data-element_type=\"widget\" data-e-type=\"widget\" data-widget_type=\"image.default\">\n\t\t\t\t\t\t\t\t\t\t\t\t\t\t\t\t<a href=\"https:\/\/supereroiprintrenoi.ro\/\" target=\"_blank\" rel=\"noopener\">\n\t\t\t\t\t\t\t<img decoding=\"async\" width=\"1162\" height=\"554\" src=\"data:image\/gif;base64,R0lGODlhAQABAAAAACH5BAEKAAEALAAAAAABAAEAAAICTAEAOw==\" class=\"attachment-2048x2048 size-2048x2048 wp-image-3482 lazyload\" alt=\"\" sizes=\"(max-width: 1162px) 100vw, 1162px\" data-src=\"https:\/\/eunic-romania.ro\/wp-content\/uploads\/2026\/08\/logo-color-p.png\" data-srcset=\"https:\/\/eunic-romania.ro\/wp-content\/uploads\/2026\/08\/logo-color-p.png 1162w, https:\/\/eunic-romania.ro\/wp-content\/uploads\/2026\/08\/logo-color-p-300x143.png 300w, https:\/\/eunic-romania.ro\/wp-content\/uploads\/2026\/08\/logo-color-p-1024x488.png 1024w, https:\/\/eunic-romania.ro\/wp-content\/uploads\/2026\/08\/logo-color-p-768x366.png 768w\">\t\t\t\t\t\t\t\t<\/a>\n\t\t\t\t\t\t\t\t\t\t\t\t\t\t\t<\/div>\n\t\t\t\t<\/div>\n\t\t\t\t<\/div>\n\t\t\n<\/div>\n","protected":false},"excerpt":{"rendered":"<p>Vocea mea, scena mea: un atelier de teatru, cu Jitka Vrbkov\u00e1 (Republica Ceh\u0103) Pentru cine: tineri cu sindrom Down \u0219i&hellip; <a class=\"continue\" href=\"https:\/\/eunic-romania.ro\/ro\/events\/accessibility-incubators\/\">Continue Reading<span> Incubatoare de Accesibilitate<\/span><\/a><\/p>\n","protected":false},"featured_media":3605,"template":"","meta":{"site-sidebar-layout":"default","site-content-layout":"","ast-site-content-layout":"default","site-content-style":"default","site-sidebar-style":"default","ast-global-header-display":"","ast-banner-title-visibility":"","ast-main-header-display":"","ast-hfb-above-header-display":"","ast-hfb-below-header-display":"","ast-hfb-mobile-header-display":"","site-post-title":"","ast-breadcrumbs-content":"","ast-featured-img":"","footer-sml-layout":"","ast-disable-related-posts":"","theme-transparent-header-meta":"default","adv-header-id-meta":"","stick-header-meta":"default","header-above-stick-meta":"","header-main-stick-meta":"","header-below-stick-meta":"","astra-migrate-meta-layouts":"set","ast-page-background-enabled":"default","ast-page-background-meta":{"desktop":{"background-color":"var(--ast-global-color-5)","background-image":"","background-repeat":"repeat","background-position":"center center","background-size":"auto","background-attachment":"scroll","background-type":"","background-media":"","overlay-type":"","overlay-color":"","overlay-opacity":"","overlay-gradient":""},"tablet":{"background-color":"","background-image":"","background-repeat":"repeat","background-position":"center center","background-size":"auto","background-attachment":"scroll","background-type":"","background-media":"","overlay-type":"","overlay-color":"","overlay-opacity":"","overlay-gradient":""},"mobile":{"background-color":"","background-image":"","background-repeat":"repeat","background-position":"center center","background-size":"auto","background-attachment":"scroll","background-type":"","background-media":"","overlay-type":"","overlay-color":"","overlay-opacity":"","overlay-gradient":""}},"ast-content-background-meta":{"desktop":{"background-color":"var(--ast-global-color-4)","background-image":"","background-repeat":"repeat","background-position":"center center","background-size":"auto","background-attachment":"scroll","background-type":"","background-media":"","overlay-type":"","overlay-color":"","overlay-opacity":"","overlay-gradient":""},"tablet":{"background-color":"var(--ast-global-color-4)","background-image":"","background-repeat":"repeat","background-position":"center center","background-size":"auto","background-attachment":"scroll","background-type":"","background-media":"","overlay-type":"","overlay-color":"","overlay-opacity":"","overlay-gradient":""},"mobile":{"background-color":"var(--ast-global-color-4)","background-image":"","background-repeat":"repeat","background-position":"center center","background-size":"auto","background-attachment":"scroll","background-type":"","background-media":"","overlay-type":"","overlay-color":"","overlay-opacity":"","overlay-gradient":""}},"footnotes":""},"categories":[77,83],"class_list":["post-3607","events","type-events","status-publish","has-post-thumbnail","hentry","category-projects","category-workshops"],"toolset-meta":{"accessibility-options":{"summary":{"type":"wysiwyg","raw":"<!-- wp:heading {\"anchor\":\"my-voice\"} -->\r\n<h3 id=\"my-voice\" class=\"wp-block-heading\"><a href=\"#vocea-mea\"><strong>Vocea mea, scena mea: un atelier de teatru, cu Jitka Vrbkov\u00e1 (Republica Ceh\u0103)<\/strong><\/a><\/h3>\r\n<h3><!-- wp:heading {\"anchor\":\"art-joy\"} --><\/h3>\r\n<h3 id=\"art-joy\" class=\"wp-block-heading\"><a href=\"#bucuria-prin-arta\"><strong>G\u0103se\u0219te-\u021bi bucuria prin art\u0103 - atelier creativ cu Kelly Ardens (Italia)<\/strong><\/a><\/h3>\r\n<!-- \/wp:heading -->\r\n\r\n<!-- \/wp:heading -->\r\n\r\n&nbsp;"}},"page-structure":{"left-sidebar":{"type":"wysiwyg","raw":""}},"event-details":{"event-date-venue":{"type":"wysiwyg","raw":""}}},"_links":{"self":[{"href":"https:\/\/eunic-romania.ro\/ro\/wp-json\/wp\/v2\/events\/3607","targetHints":{"allow":["GET"]}}],"collection":[{"href":"https:\/\/eunic-romania.ro\/ro\/wp-json\/wp\/v2\/events"}],"about":[{"href":"https:\/\/eunic-romania.ro\/ro\/wp-json\/wp\/v2\/types\/events"}],"version-history":[{"count":10,"href":"https:\/\/eunic-romania.ro\/ro\/wp-json\/wp\/v2\/events\/3607\/revisions"}],"predecessor-version":[{"id":3622,"href":"https:\/\/eunic-romania.ro\/ro\/wp-json\/wp\/v2\/events\/3607\/revisions\/3622"}],"wp:featuredmedia":[{"embeddable":true,"href":"https:\/\/eunic-romania.ro\/ro\/wp-json\/wp\/v2\/media\/3605"}],"wp:attachment":[{"href":"https:\/\/eunic-romania.ro\/ro\/wp-json\/wp\/v2\/media?parent=3607"}],"wp:term":[{"taxonomy":"category","embeddable":true,"href":"https:\/\/eunic-romania.ro\/ro\/wp-json\/wp\/v2\/categories?post=3607"}],"curies":[{"name":"wp","href":"https:\/\/api.w.org\/{rel}","templated":true}]}}